{"id":61453,"date":"2021-08-27T14:41:54","date_gmt":"2021-08-27T16:03:15","guid":{"rendered":"https:\/\/primomoto.es\/bela-parker-calca-jeans-masculina-motocicleta-preto\/"},"modified":"2022-08-10T08:58:19","modified_gmt":"2022-08-10T08:58:19","slug":"bela-parker-calca-jeans-masculina-motocicleta-preto","status":"publish","type":"product","link":"https:\/\/primomoto.es\/pt-pt\/bela-parker-calca-jeans-masculina-motocicleta-preto\/","title":{"rendered":"Bela Parker Cal\u00e7a jeans masculina motocicleta &#8211; Preto"},"content":{"rendered":"<h2><strong>Bela Parker Cal\u00e7a jeans masculina motocicleta &#8211; Preto<\/strong><\/h2>\n<p><strong>INFORMA\u00c7\u00c3O DO PRODUTO:<\/strong><\/p>\n<p>The \u201cParker\u201d Men\u2019s Motorcycle Jeans is a part of the latest Bela Jeans Brand Collection. Parker Men\u2019s jeans style is made of best Cotton and Elastane fabric. N\u00e3o s\u00f3 isso, os refor\u00e7os de tecido DuPont Aramida extras estrategicamente posicionados para excelente resist\u00eancia \u00e0 abras\u00e3o sem comprometer o bom conforto e elasticidade. The CE approved knee &amp; thigh protectors \u201cEN 1621-1:2012\u201d are hard to spot when riding \/ walking but offer best protection in case of any unfortunate mishap during drive&#8230;<\/p>\n<p><strong>Tecido do escudo:<\/strong><\/p>\n<p>\u2022 11.75 Oz Stretch Denim<\/p>\n<p>\u2022 Made of 98% Cotton and 2% Elastane.<\/p>\n<p>\u2022 Black Color<\/p>\n<p><strong>Prote\u00e7\u00f5es:<\/strong><\/p>\n<p>\u2022 Removable protections on the knees &amp; thigh with certification CE EN 1621-1:2012.<\/p>\n<p>\u2022 The knee guards are adjustable due to additional Velcro attached on top &amp; bottom.<\/p>\n<p>\u2022 The Protection can be removed easily while simply opening the side knee zippers.<\/p>\n<p><strong>Conforto:<\/strong><\/p>\n<p>\u2022 DuPont Aramid fabric inner lining, which is purposefully placed to afford superb abrasion &amp; resistance.<\/p>\n<p>\u2022 Inner 100% Polyester mesh lining for enhanced breathability and comfortability.<\/p>\n<p>\u2022 Best fit in Regular Cut.<\/p>\n<p>\u2022 YKK\u00ae Zippers (Fly &amp; Knee area)<\/p>\n<p>\u2022 With extra Protectors Bag.<\/p>\n","protected":false},"excerpt":{"rendered":"<p>Bela Parker Cal\u00e7a jeans masculina motocicleta &#8211; Preto INFORMA\u00c7\u00c3O DO PRODUTO: The \u201cParker\u201d Men\u2019s Motorcycle Jeans is a part of<\/p>\n","protected":false},"featured_media":60958,"template":"","meta":[],"product_brand":[],"product_cat":[2645,2730,2733,2729,682,3260],"product_tag":[2743],"class_list":{"0":"post-61453","1":"product","2":"type-product","3":"status-publish","4":"has-post-thumbnail","6":"product_cat-calcas-de-motociclista","7":"product_cat-denim-masculino-homes","8":"product_cat-jeans-masculino","9":"product_cat-jeans-para-motos","10":"product_cat-motorcycle-clothing-pt-pt","11":"product_cat-general-touring-category-pt","12":"product_tag-los-hombres-de-mezclilla-pt-pt","13":"pa_size-30-pt-pt","14":"pa_size-32-pt-pt","15":"pa_size-34-pt-pt","16":"pa_size-36-pt-pt","17":"pa_size-38-pt-pt","18":"pa_size-40-pt-pt","20":"first","21":"outofstock","22":"sale","23":"taxable","24":"shipping-taxable","25":"purchasable","26":"product-type-variable","27":"has-default-attributes"},"_links":{"self":[{"href":"https:\/\/primomoto.es\/pt-pt\/wp-json\/wp\/v2\/product\/61453","targetHints":{"allow":["GET"]}}],"collection":[{"href":"https:\/\/primomoto.es\/pt-pt\/wp-json\/wp\/v2\/product"}],"about":[{"href":"https:\/\/primomoto.es\/pt-pt\/wp-json\/wp\/v2\/types\/product"}],"wp:featuredmedia":[{"embeddable":true,"href":"https:\/\/primomoto.es\/pt-pt\/wp-json\/wp\/v2\/media\/60958"}],"wp:attachment":[{"href":"https:\/\/primomoto.es\/pt-pt\/wp-json\/wp\/v2\/media?parent=61453"}],"wp:term":[{"taxonomy":"product_brand","embeddable":true,"href":"https:\/\/primomoto.es\/pt-pt\/wp-json\/wp\/v2\/product_brand?post=61453"},{"taxonomy":"product_cat","embeddable":true,"href":"https:\/\/primomoto.es\/pt-pt\/wp-json\/wp\/v2\/product_cat?post=61453"},{"taxonomy":"product_tag","embeddable":true,"href":"https:\/\/primomoto.es\/pt-pt\/wp-json\/wp\/v2\/product_tag?post=61453"}],"curies":[{"name":"wp","href":"https:\/\/api.w.org\/{rel}","templated":true}]}}