{"id":131757,"date":"2022-09-20T06:06:49","date_gmt":"2022-09-20T06:27:10","guid":{"rendered":"https:\/\/primomoto.es\/bela-race-pro-r6-motociclo-da-corsa-stivali-nero-grigio-fluorescente-giallo\/"},"modified":"2022-09-20T06:27:10","modified_gmt":"2022-09-20T06:27:10","slug":"bela-race-pro-r6-stivali-da-corsa-moto-nero-grigio-giallo-fluorescente","status":"publish","type":"product","link":"https:\/\/primomoto.es\/it\/bela-race-pro-r6-stivali-da-corsa-moto-nero-grigio-giallo-fluorescente\/","title":{"rendered":"Bela Race Pro R6 Motociclo Da Corsa Stivali Nero\/Grigio\/Fluorescente Giallo"},"content":{"rendered":"<h4 class=\"section-title\">\n            <span>Descrizione:<\/span><br \/>\n          <\/h4>\n<div class=\"section-content\">\n<div class=\"product-description \">\n<div class=\"rte-content\">\n<p>                <span>Stivale in pelle da moto da corsa Bela Race Pro<\/span><\/p>\n<p>                <span>Bela Race Pro \u00e8 uno degli stivali da moto pi\u00f9 resistenti, affidabili, comodi e meglio protetti. \u00c8 uno scarpone da competizione di fascia alta progettato per il circuito.<\/span><\/p>\n<p>                <span>Fa parte dell&#8217;abbigliamento del pilota, dona stile e protezione allo stesso tempo.<\/span><\/p>\n<p>                <span>specifiche tecniche<\/span><\/p>\n<p>                <span>\u25cf Tomaia in microfibra.<\/span><\/p>\n<p>                <span>\u25cf Suola speciale in mescola a doppia densit\u00e0 per le competizioni.<\/span><\/p>\n<p>                <span>\u25cf Antitorsione con cornice antigraffio incorporata.<\/span><\/p>\n<p>                <span>\u25cf Fermo ammortizzatore posteriore per la massima sicurezza.<\/span><\/p>\n<p>                <span>\u25cf Dispositivo di scorrimento per le dita in acciaio inossidabile.<\/span><\/p>\n<p>                <span>\u25cf Protezione aggressiva dei cuscinetti in plastica nell&#8217;area del cambio.<\/span><\/p>\n<p>                <span>\u25cf Protezione in plastica stampata ad iniezione.<\/span><\/p>\n<p>                <span>\u25cf Sistema di aspirazione dell&#8217;aria.<\/span><\/p>\n<p>                <span>\u25cf Chiusura con velcro e cerniera.<\/span><\/p>\n<p>                <span>\u25cf Chiusura a cricchetto con fibbia posteriore.<\/span><\/p>\n<p>                <span>\u25cf Sistema di chiusura frontale con chiusura a pressione.<\/span><\/p>\n<p>                <span>\u25cf Controtallone in plastica di nylon rinforzato.<\/span><\/p>\n<p>                <span>\u25cf Fodera in rete per la ventilazione.<\/span><\/p>\n<p>                <span>\u25cf Imbottitura in polimero extra morbido con memory foam.<\/span><\/p>\n<p>                <span>\u25cf Rinforzi in nylon poliuretanico.<\/span><\/p>\n<p>                <span>\u25cf Intersuola antiscivolo.<\/span><\/p>\n<p>                <span>\u25cf Soletta antibatterica sostituibile.<\/span><\/p>\n<p>                <span>\u25cf Sottopiede aggiuntivo per una calzata sicura. <\/span><\/p><\/div><\/div><\/div>\n","protected":false},"excerpt":{"rendered":"<p>Descrizione: Stivale in pelle da moto da corsa Bela Race Pro Bela Race Pro \u00e8 uno degli stivali da moto<\/p>\n","protected":false},"featured_media":131695,"template":"","meta":[],"product_brand":[],"product_cat":[1012,3269,1016,1018,1017],"product_tag":[1304,4546,1302],"class_list":{"0":"post-131757","1":"product","2":"type-product","3":"status-publish","4":"has-post-thumbnail","6":"product_cat-abbigliamento-da-moto","7":"product_cat-corsa","8":"product_cat-stivali-da-moto","9":"product_cat-stivali-racing-uomo","10":"product_cat-stivali-da-moto-uomo","11":"product_tag-stivali-da-corsa-da-uomo","12":"product_tag-stivali-da-moto-da-corsa","13":"product_tag-stivali-di-pelle","14":"pa_size-41-it","15":"pa_size-42-it","16":"pa_size-43-it","17":"pa_size-44-it","18":"pa_size-45-it","19":"pa_size-46-it","20":"pa_size-47-it","22":"first","23":"outofstock","24":"sale","25":"taxable","26":"shipping-taxable","27":"purchasable","28":"product-type-variable","29":"has-default-attributes"},"_links":{"self":[{"href":"https:\/\/primomoto.es\/it\/wp-json\/wp\/v2\/product\/131757","targetHints":{"allow":["GET"]}}],"collection":[{"href":"https:\/\/primomoto.es\/it\/wp-json\/wp\/v2\/product"}],"about":[{"href":"https:\/\/primomoto.es\/it\/wp-json\/wp\/v2\/types\/product"}],"wp:featuredmedia":[{"embeddable":true,"href":"https:\/\/primomoto.es\/it\/wp-json\/wp\/v2\/media\/131695"}],"wp:attachment":[{"href":"https:\/\/primomoto.es\/it\/wp-json\/wp\/v2\/media?parent=131757"}],"wp:term":[{"taxonomy":"product_brand","embeddable":true,"href":"https:\/\/primomoto.es\/it\/wp-json\/wp\/v2\/product_brand?post=131757"},{"taxonomy":"product_cat","embeddable":true,"href":"https:\/\/primomoto.es\/it\/wp-json\/wp\/v2\/product_cat?post=131757"},{"taxonomy":"product_tag","embeddable":true,"href":"https:\/\/primomoto.es\/it\/wp-json\/wp\/v2\/product_tag?post=131757"}],"curies":[{"name":"wp","href":"https:\/\/api.w.org\/{rel}","templated":true}]}}