{"id":55474,"date":"2021-02-12T12:52:37","date_gmt":"2021-02-12T12:52:37","guid":{"rendered":"https:\/\/primomoto.es\/bela-cordaniel-blouson-moto-noir-gris-fonce-fluor-jaune\/"},"modified":"2022-12-01T08:17:33","modified_gmt":"2022-12-01T08:17:33","slug":"bela-cordaniel-blouson-moto-noir-gris-jaune","status":"publish","type":"product","link":"https:\/\/primomoto.es\/fr\/bela-cordaniel-blouson-moto-noir-gris-jaune\/","title":{"rendered":"Bela Cordaniel Moto Veste Noir\/Sombre Gris\/Fluor Jaune"},"content":{"rendered":"<h2><strong><span style=\"vertical-align: inherit;\"><span style=\"vertical-align: inherit;\">Bela Cordaniel Blouson Moto Noir\/Gris fonc\u00e9\/fluor jaune<\/span><\/span><\/strong><\/h2>\n<p><strong><span style=\"vertical-align: inherit;\"><span style=\"vertical-align: inherit;\">Informations techniques:<\/span><\/span><\/strong><\/p>\n<ul>\n<li><span style=\"vertical-align: inherit;\"><span style=\"vertical-align: inherit;\">600D Polyester Outer-shell Construction<\/span><\/span><\/li>\n<li><span style=\"vertical-align: inherit;\"><span style=\"vertical-align: inherit;\">Doublure int\u00e9rieure en maille douce<\/span><\/span><\/li>\n<li><span style=\"vertical-align: inherit;\"><span style=\"vertical-align: inherit;\">Rembourrage homologu\u00e9 CE<\/span><\/span><\/li>\n<li><span style=\"vertical-align: inherit;\"><span style=\"vertical-align: inherit;\">Doublure int\u00e9rieure amovible en polyester, avec poche int\u00e9rieure pour portable et documents.<\/span><\/span><\/li>\n<li><span style=\"vertical-align: inherit;\"><span style=\"vertical-align: inherit;\">Tissu agr\u00e9able et doux au toucher sur le cou<\/span><\/span><\/li>\n<li><span style=\"vertical-align: inherit;\"><span style=\"vertical-align: inherit;\">Mains chauffantes \u00e0 deux poches<\/span><\/span><\/li>\n<li><span style=\"vertical-align: inherit;\"><span style=\"vertical-align: inherit;\">Remplissage de la zone des \u00e9paules et du poing<\/span><\/span><\/li>\n<li><span style=\"vertical-align: inherit;\"><span style=\"vertical-align: inherit;\">Protecteurs sur les \u00e9paules, les coudes et le dos.<\/span><\/span><\/li>\n<li><span style=\"vertical-align: inherit;\"><span style=\"vertical-align: inherit;\">Zones r\u00e9fl\u00e9chissantes pour une meilleure visibilit\u00e9 de nuit<\/span><\/span><\/li>\n<li><span style=\"vertical-align: inherit;\"><span style=\"vertical-align: inherit;\">Poignet \u00e0 fermeture velcro<\/span><\/span><\/li>\n<\/ul>\n","protected":false},"excerpt":{"rendered":"<p>Bela Cordaniel Blouson Moto Noir\/Gris fonc\u00e9\/fluor jaune Informations techniques: 600D Polyester Outer-shell Construction Doublure int\u00e9rieure en maille douce Rembourrage homologu\u00e9<\/p>\n","protected":false},"featured_media":102664,"template":"","meta":[],"product_brand":[],"product_cat":[1932,1930,1929,1906],"product_tag":[],"class_list":{"0":"post-55474","1":"product","2":"type-product","3":"status-publish","4":"has-post-thumbnail","6":"product_cat-blouson-textile-homme","7":"product_cat-hommes-vestes-moto","8":"product_cat-vestes-de-moto","9":"product_cat-vetements-de-moto","10":"pa_size-46-xs-fr","11":"pa_size-50-m-fr-2","12":"pa_size-52-l-fr","13":"pa_size-54-xl-fr","14":"pa_size-56-2xl-fr-2","15":"pa_size-58-3xl-fr","16":"pa_size-60-4xl-fr","17":"pa_size-62-5xl-fr","18":"pa_size-64-6xl-fr","20":"first","21":"outofstock","22":"sale","23":"taxable","24":"shipping-taxable","25":"purchasable","26":"product-type-variable","27":"has-default-attributes"},"_links":{"self":[{"href":"https:\/\/primomoto.es\/fr\/wp-json\/wp\/v2\/product\/55474","targetHints":{"allow":["GET"]}}],"collection":[{"href":"https:\/\/primomoto.es\/fr\/wp-json\/wp\/v2\/product"}],"about":[{"href":"https:\/\/primomoto.es\/fr\/wp-json\/wp\/v2\/types\/product"}],"wp:featuredmedia":[{"embeddable":true,"href":"https:\/\/primomoto.es\/fr\/wp-json\/wp\/v2\/media\/102664"}],"wp:attachment":[{"href":"https:\/\/primomoto.es\/fr\/wp-json\/wp\/v2\/media?parent=55474"}],"wp:term":[{"taxonomy":"product_brand","embeddable":true,"href":"https:\/\/primomoto.es\/fr\/wp-json\/wp\/v2\/product_brand?post=55474"},{"taxonomy":"product_cat","embeddable":true,"href":"https:\/\/primomoto.es\/fr\/wp-json\/wp\/v2\/product_cat?post=55474"},{"taxonomy":"product_tag","embeddable":true,"href":"https:\/\/primomoto.es\/fr\/wp-json\/wp\/v2\/product_tag?post=55474"}],"curies":[{"name":"wp","href":"https:\/\/api.w.org\/{rel}","templated":true}]}}