{"id":295378,"date":"2025-07-17T15:57:36","date_gmt":"2025-07-21T07:38:58","guid":{"rendered":"https:\/\/primomoto.es\/road-breed-brando-moto-cuir-veste-noir\/"},"modified":"2025-08-20T12:02:47","modified_gmt":"2025-08-20T12:02:47","slug":"road-breed-brando-moto-cuir-veste-noir","status":"publish","type":"product","link":"https:\/\/primomoto.es\/fr\/road-breed-brando-moto-cuir-veste-noir\/","title":{"rendered":"Road Breed Brando Moto Cuir Veste Noir"},"content":{"rendered":"<h1><strong>Road Breed Brando Classique Moto Cuir Veste<\/strong><\/h1>\n<p>Style et qualit\u00e9 exceptionnelle avec notre veste en cuir de buffle haut de gamme. Confectionn\u00e9e avec soin en cuir de buffle pleine fleur, cette veste offre un toucher luxueux et une durabilit\u00e9 exceptionnelle. Polyvalente et fonctionnelle, elle est con\u00e7ue pour vous offrir confort et fonctionnalit\u00e9.<\/p>\n<h3><strong>Caract\u00e9ristiques:<\/strong><\/h3>\n<ul>\n<li data-start=\"57\" data-end=\"159\">\n<p data-start=\"59\" data-end=\"159\">Fabriqu\u00e9 en cuir de premi\u00e8re qualit\u00e9 pour une durabilit\u00e9 exceptionnelle et une sensation luxueuse.<\/p>\n<\/li>\n<li data-start=\"160\" data-end=\"264\">\n<p data-start=\"162\" data-end=\"264\">Comprend trois poches ext\u00e9rieures et deux poches de transport int\u00e9rieures dissimul\u00e9es pour plus de fonctionnalit\u00e9.<\/p>\n<\/li>\n<li data-start=\"265\" data-end=\"346\">\n<p data-start=\"267\" data-end=\"346\">Accentu\u00e9 de quincaillerie argent\u00e9e \u00e9l\u00e9gante pour rehausser son look raffin\u00e9.<\/p>\n<\/li>\n<li data-start=\"347\" data-end=\"414\">\n<p data-start=\"349\" data-end=\"414\">Con\u00e7u avec un d\u00e9tail de demi-ceinture pour une touche \u00e9l\u00e9gante.<\/p>\n<\/li>\n<li data-start=\"415\" data-end=\"489\">\n<p data-start=\"417\" data-end=\"489\">Comprend une doublure \u00e0 manches longues et zipp\u00e9e pour un confort adaptable.<\/p>\n<\/li>\n<li data-start=\"490\" data-end=\"571\">\n<p data-start=\"492\" data-end=\"571\">Propos\u00e9 dans les tailles S \u00e0 6XL pour assurer un ajustement id\u00e9al pour tout le monde.<\/p>\n<\/li>\n<\/ul>\n","protected":false},"excerpt":{"rendered":"<p>Road Breed Brando Classique Moto Cuir Veste Style et qualit\u00e9 exceptionnelle avec notre veste en cuir de buffle haut de<\/p>\n","protected":false},"featured_media":295101,"template":"","meta":[],"product_brand":[],"product_cat":[1930,1931,1929,1906],"product_tag":[4625,2696,3887,3616],"class_list":{"0":"post-295378","1":"product","2":"type-product","3":"status-publish","4":"has-post-thumbnail","6":"product_cat-hommes-vestes-moto","7":"product_cat-veste-en-cuir-hommes","8":"product_cat-vestes-de-moto","9":"product_cat-vetements-de-moto","10":"product_tag-blouson-moto-homme","11":"product_tag-chaqueta-de-cuero-fr-2","12":"product_tag-veste-de-moto","13":"product_tag-veste-en-cuir-pour-hommes","14":"pa_size-46-xs-fr","15":"pa_size-48-s-fr-3","16":"pa_size-50-m-fr-2","17":"pa_size-52-l-fr","18":"pa_size-54-xl-fr","19":"pa_size-56-2xl-fr-2","20":"pa_size-58-3xl-fr","21":"pa_size-60-4xl-fr","22":"pa_size-62-5xl-fr","24":"first","25":"instock","26":"sale","27":"taxable","28":"shipping-taxable","29":"purchasable","30":"product-type-variable","31":"has-default-attributes"},"_links":{"self":[{"href":"https:\/\/primomoto.es\/fr\/wp-json\/wp\/v2\/product\/295378","targetHints":{"allow":["GET"]}}],"collection":[{"href":"https:\/\/primomoto.es\/fr\/wp-json\/wp\/v2\/product"}],"about":[{"href":"https:\/\/primomoto.es\/fr\/wp-json\/wp\/v2\/types\/product"}],"wp:featuredmedia":[{"embeddable":true,"href":"https:\/\/primomoto.es\/fr\/wp-json\/wp\/v2\/media\/295101"}],"wp:attachment":[{"href":"https:\/\/primomoto.es\/fr\/wp-json\/wp\/v2\/media?parent=295378"}],"wp:term":[{"taxonomy":"product_brand","embeddable":true,"href":"https:\/\/primomoto.es\/fr\/wp-json\/wp\/v2\/product_brand?post=295378"},{"taxonomy":"product_cat","embeddable":true,"href":"https:\/\/primomoto.es\/fr\/wp-json\/wp\/v2\/product_cat?post=295378"},{"taxonomy":"product_tag","embeddable":true,"href":"https:\/\/primomoto.es\/fr\/wp-json\/wp\/v2\/product_tag?post=295378"}],"curies":[{"name":"wp","href":"https:\/\/api.w.org\/{rel}","templated":true}]}}